{"id":12097,"date":"2018-02-21T12:26:02","date_gmt":"2018-02-21T11:26:02","guid":{"rendered":"http:\/\/www.duo-hautnah.com\/?page_id=12097"},"modified":"2018-07-16T08:46:16","modified_gmt":"2018-07-16T06:46:16","slug":"hautnah-addio-bella","status":"publish","type":"page","link":"https:\/\/www.duo-hautnah.com\/at\/hautnah-addio-bella\/","title":{"rendered":"Das neue Album ab 03.08.2018 &#8211; &#8220;Addio Bella&#8221; von HAUTNAH"},"content":{"rendered":"<div class=\"row \"><div class=\"wpv-grid grid-1-1  wpv-first-level first has-background unextended\" style=\"background-color:#526bb7;padding-top:20px;padding-bottom:0px\" id=\"wpv-column-feafe92ef1c091b7d603ea8051f6d9a6\" ><style>#wpv-column-feafe92ef1c091b7d603ea8051f6d9a6 p,#wpv-column-feafe92ef1c091b7d603ea8051f6d9a6 em,#wpv-column-feafe92ef1c091b7d603ea8051f6d9a6 .column-title,#wpv-column-feafe92ef1c091b7d603ea8051f6d9a6 .sep-text h2.regular-title-wrapper,#wpv-column-feafe92ef1c091b7d603ea8051f6d9a6 .text-divider-double,#wpv-column-feafe92ef1c091b7d603ea8051f6d9a6 .sep-text .sep-text-line,#wpv-column-feafe92ef1c091b7d603ea8051f6d9a6 .sep,#wpv-column-feafe92ef1c091b7d603ea8051f6d9a6 .sep-2,#wpv-column-feafe92ef1c091b7d603ea8051f6d9a6 .sep-3,#wpv-column-feafe92ef1c091b7d603ea8051f6d9a6 td,#wpv-column-feafe92ef1c091b7d603ea8051f6d9a6 th,#wpv-column-feafe92ef1c091b7d603ea8051f6d9a6 caption{color:#fff;}#wpv-column-feafe92ef1c091b7d603ea8051f6d9a6:before{background-color:transparent;}<\/style>\t\t<div class=\"sep-text single centered\">\n\t\t\t\t\t\t\t<span class=\"sep-text-before\"><div class=\"sep-text-line\"><\/div><\/span>\n\t\t\t\t\t\t<div class=\"content\">\n\t\t\t\t<h2 class=\"text-divider-double\">\nHAUTNAH &#8211; startet diesen Sommer durch!<\/h2>\t\t\t<\/div>\n\t\t\t<span class=\"sep-text-after\"><div class=\"sep-text-line\"><\/div><\/span>\n\t\t\t\t\t<\/div>\n\t\n<div class=\"row \"><div class=\"wpv-grid grid-1-1  first unextended\" style=\"padding-top:0px;padding-bottom:0px\" id=\"wpv-column-bca1a9f31919701ee52572b37a7d143b\" ><h4>Die beiden Party-Garanten aus \u00d6sterreich ver\u00f6ffentlichen ihr neues Album \u201eAddio Bella\u201c bei TELAMO.<\/h4>\n<div class=\"push\" style='height:20px'><\/div><\/div><\/div>\n<div class=\"row \"><div class=\"wpv-grid grid-2-3  first unextended\" style=\"padding-top:0px;padding-bottom:0px\" id=\"wpv-column-e86b9f4efcfea32adc6dc46a3472e3bf\" ><div class=\"push\" style='height:20px'><\/div>\n<div class=\"wpv-video-frame\"><iframe loading=\"lazy\" width=\"1260\" height=\"709\" src=\"https:\/\/www.youtube.com\/embed\/4DUMgzkEqqw?feature=oembed\" frameborder=\"0\" allow=\"autoplay; encrypted-media\" allowfullscreen><\/iframe><\/div><\/div>\n<div class=\"wpv-grid grid-1-3  unextended\" style=\"padding-top:0px;padding-bottom:0px\" id=\"wpv-column-eec32557a39ba3820ae478726aafdb69\" ><p><div class=\"wp-playlist wp-audio-playlist wp-playlist-light\">\n\t\t\t<div class=\"wp-playlist-current-item\"><\/div>\n\t\t<audio controls=\"controls\" preload=\"none\" width=\"1238\"\n\t\t\t><\/audio>\n\t<div class=\"wp-playlist-next\"><\/div>\n\t<div class=\"wp-playlist-prev\"><\/div>\n\t<noscript>\n\t<ol>\n\t\t<li><a href='https:\/\/www.duo-hautnah.com\/wp-content\/uploads\/2018\/07\/mit-dir-an-meiner-seite-30-sek-demo.mp3'>Mit Dir an meiner Seite<\/a><\/li><li><a href='https:\/\/www.duo-hautnah.com\/wp-content\/uploads\/2018\/07\/addio-bella-30-sek-demo.mp3'>Addio Bella<\/a><\/li><li><a href='https:\/\/www.duo-hautnah.com\/wp-content\/uploads\/2018\/07\/ich-hab-mich-in-dein-laecheln-verliebt-30-sek-demo.mp3'>Ich hab mich in dein L\u00e4cheln verliebt<\/a><\/li><li><a href='https:\/\/www.duo-hautnah.com\/wp-content\/uploads\/2018\/07\/tanz-mit-mir-nochmal-30-sek-demo.mp3'>Tanz mit mir noch mal<\/a><\/li><li><a href='https:\/\/www.duo-hautnah.com\/wp-content\/uploads\/2018\/07\/dort-wo-die-sonne-wohnt-30-sek-demo.mp3'>Dort wo die Sonne wohnt<\/a><\/li><li><a href='https:\/\/www.duo-hautnah.com\/wp-content\/uploads\/2018\/07\/du-bist-die-liebe-meines-lebens-30-sek-demo.mp3'>Du bist die Liebe meines Lebens<\/a><\/li><li><a href='https:\/\/www.duo-hautnah.com\/wp-content\/uploads\/2018\/07\/sommernacht-auf-rhodos-30-sek-demo.mp3'>Sommernacht auf Rhodos<\/a><\/li><li><a href='https:\/\/www.duo-hautnah.com\/wp-content\/uploads\/2018\/07\/du-alleine-30-sek-demo.mp3'>Du alleine<\/a><\/li><li><a href='https:\/\/www.duo-hautnah.com\/wp-content\/uploads\/2018\/07\/kann-liebe-wirklich-s\u00fcnde-sein-30-sek-demo.mp3'>Kann Liebe wirklich S\u00fcnde sein<\/a><\/li><li><a href='https:\/\/www.duo-hautnah.com\/wp-content\/uploads\/2018\/07\/ganz-oder-gar-nicht-30-sek-demo.mp3'>Ganz oder gar nicht<\/a><\/li><li><a href='https:\/\/www.duo-hautnah.com\/wp-content\/uploads\/2018\/07\/verrueckt-nach-dir-30-sek-demo.mp3'>Ver\u00fcckt nach dir<\/a><\/li><li><a href='https:\/\/www.duo-hautnah.com\/wp-content\/uploads\/2018\/07\/bist-wie-ein-stein-in-meinem-schuh-30-sek-demo.mp3'>Bist wie ein Stein in meinem Schuh<\/a><\/li><li><a href='https:\/\/www.duo-hautnah.com\/wp-content\/uploads\/2018\/07\/rosemarie-30-sek-demo.mp3'>Rosemarie<\/a><\/li><li><a href='https:\/\/www.duo-hautnah.com\/wp-content\/uploads\/2018\/07\/einer-dieser-augenblicke-30-sek-demo.mp3'>Einer dieser Augenblicke<\/a><\/li>\t<\/ol>\n\t<\/noscript>\n\t<script type=\"application\/json\" class=\"wp-playlist-script\">{\"type\":\"audio\",\"tracklist\":true,\"tracknumbers\":true,\"images\":false,\"artists\":false,\"tracks\":[{\"src\":\"https:\/\/www.duo-hautnah.com\/wp-content\/uploads\/2018\/07\/mit-dir-an-meiner-seite-30-sek-demo.mp3\",\"type\":\"audio\/mpeg\",\"title\":\"Mit Dir an meiner Seite\",\"caption\":\"\",\"description\":\"\\\"mit-dir-an-meiner-seite-30-sek-demo\\\".\",\"meta\":{\"length_formatted\":\"0:56\"},\"image\":{\"src\":\"https:\/\/www.duo-hautnah.com\/wp-includes\/images\/media\/audio.svg\",\"width\":48,\"height\":64},\"thumb\":{\"src\":\"https:\/\/www.duo-hautnah.com\/wp-includes\/images\/media\/audio.svg\",\"width\":48,\"height\":64}},{\"src\":\"https:\/\/www.duo-hautnah.com\/wp-content\/uploads\/2018\/07\/addio-bella-30-sek-demo.mp3\",\"type\":\"audio\/mpeg\",\"title\":\"Addio Bella\",\"caption\":\"\",\"description\":\"\\\"addio-bella-30-sek-demo\\\".\",\"meta\":{\"length_formatted\":\"1:00\"},\"image\":{\"src\":\"https:\/\/www.duo-hautnah.com\/wp-includes\/images\/media\/audio.svg\",\"width\":48,\"height\":64},\"thumb\":{\"src\":\"https:\/\/www.duo-hautnah.com\/wp-includes\/images\/media\/audio.svg\",\"width\":48,\"height\":64}},{\"src\":\"https:\/\/www.duo-hautnah.com\/wp-content\/uploads\/2018\/07\/ich-hab-mich-in-dein-laecheln-verliebt-30-sek-demo.mp3\",\"type\":\"audio\/mpeg\",\"title\":\"Ich hab mich in dein L\\u00e4cheln verliebt\",\"caption\":\"\",\"description\":\"\\\"ich-hab-mich-in-dein-laecheln-verliebt-30-sek-demo\\\".\",\"meta\":{\"length_formatted\":\"0:54\"},\"image\":{\"src\":\"https:\/\/www.duo-hautnah.com\/wp-includes\/images\/media\/audio.svg\",\"width\":48,\"height\":64},\"thumb\":{\"src\":\"https:\/\/www.duo-hautnah.com\/wp-includes\/images\/media\/audio.svg\",\"width\":48,\"height\":64}},{\"src\":\"https:\/\/www.duo-hautnah.com\/wp-content\/uploads\/2018\/07\/tanz-mit-mir-nochmal-30-sek-demo.mp3\",\"type\":\"audio\/mpeg\",\"title\":\"Tanz mit mir noch mal\",\"caption\":\"\",\"description\":\"\\\"tanz-mit-mir-nochmal-30-sek-demo\\\".\",\"meta\":{\"length_formatted\":\"0:54\"},\"image\":{\"src\":\"https:\/\/www.duo-hautnah.com\/wp-includes\/images\/media\/audio.svg\",\"width\":48,\"height\":64},\"thumb\":{\"src\":\"https:\/\/www.duo-hautnah.com\/wp-includes\/images\/media\/audio.svg\",\"width\":48,\"height\":64}},{\"src\":\"https:\/\/www.duo-hautnah.com\/wp-content\/uploads\/2018\/07\/dort-wo-die-sonne-wohnt-30-sek-demo.mp3\",\"type\":\"audio\/mpeg\",\"title\":\"Dort wo die Sonne wohnt\",\"caption\":\"\",\"description\":\"\\\"dort-wo-die-sonne-wohnt-30-sek-demo\\\".\",\"meta\":{\"length_formatted\":\"0:48\"},\"image\":{\"src\":\"https:\/\/www.duo-hautnah.com\/wp-includes\/images\/media\/audio.svg\",\"width\":48,\"height\":64},\"thumb\":{\"src\":\"https:\/\/www.duo-hautnah.com\/wp-includes\/images\/media\/audio.svg\",\"width\":48,\"height\":64}},{\"src\":\"https:\/\/www.duo-hautnah.com\/wp-content\/uploads\/2018\/07\/du-bist-die-liebe-meines-lebens-30-sek-demo.mp3\",\"type\":\"audio\/mpeg\",\"title\":\"Du bist die Liebe meines Lebens\",\"caption\":\"\",\"description\":\"\\\"du-bist-die-liebe-meines-lebens-30-sek-demo\\\".\",\"meta\":{\"length_formatted\":\"0:46\"},\"image\":{\"src\":\"https:\/\/www.duo-hautnah.com\/wp-includes\/images\/media\/audio.svg\",\"width\":48,\"height\":64},\"thumb\":{\"src\":\"https:\/\/www.duo-hautnah.com\/wp-includes\/images\/media\/audio.svg\",\"width\":48,\"height\":64}},{\"src\":\"https:\/\/www.duo-hautnah.com\/wp-content\/uploads\/2018\/07\/sommernacht-auf-rhodos-30-sek-demo.mp3\",\"type\":\"audio\/mpeg\",\"title\":\"Sommernacht auf Rhodos\",\"caption\":\"\",\"description\":\"\\\"sommernacht-auf rhodos-30-sek-demo\\\".\",\"meta\":{\"length_formatted\":\"0:50\"},\"image\":{\"src\":\"https:\/\/www.duo-hautnah.com\/wp-includes\/images\/media\/audio.svg\",\"width\":48,\"height\":64},\"thumb\":{\"src\":\"https:\/\/www.duo-hautnah.com\/wp-includes\/images\/media\/audio.svg\",\"width\":48,\"height\":64}},{\"src\":\"https:\/\/www.duo-hautnah.com\/wp-content\/uploads\/2018\/07\/du-alleine-30-sek-demo.mp3\",\"type\":\"audio\/mpeg\",\"title\":\"Du alleine\",\"caption\":\"\",\"description\":\"\\\"du-alleine-30-sek-demo\\\".\",\"meta\":{\"length_formatted\":\"0:48\"},\"image\":{\"src\":\"https:\/\/www.duo-hautnah.com\/wp-includes\/images\/media\/audio.svg\",\"width\":48,\"height\":64},\"thumb\":{\"src\":\"https:\/\/www.duo-hautnah.com\/wp-includes\/images\/media\/audio.svg\",\"width\":48,\"height\":64}},{\"src\":\"https:\/\/www.duo-hautnah.com\/wp-content\/uploads\/2018\/07\/kann-liebe-wirklich-s\\u00fcnde-sein-30-sek-demo.mp3\",\"type\":\"audio\/mpeg\",\"title\":\"Kann Liebe wirklich S\\u00fcnde sein\",\"caption\":\"\",\"description\":\"\\\"kann-liebe-wirklich-s\\u00fcnde-sein-30-sek-demo\\\".\",\"meta\":{\"length_formatted\":\"0:52\"},\"image\":{\"src\":\"https:\/\/www.duo-hautnah.com\/wp-includes\/images\/media\/audio.svg\",\"width\":48,\"height\":64},\"thumb\":{\"src\":\"https:\/\/www.duo-hautnah.com\/wp-includes\/images\/media\/audio.svg\",\"width\":48,\"height\":64}},{\"src\":\"https:\/\/www.duo-hautnah.com\/wp-content\/uploads\/2018\/07\/ganz-oder-gar-nicht-30-sek-demo.mp3\",\"type\":\"audio\/mpeg\",\"title\":\"Ganz oder gar nicht\",\"caption\":\"\",\"description\":\"\\\"ganz-oder-gar-nicht-30-sek-demo\\\".\",\"meta\":{\"length_formatted\":\"0:52\"},\"image\":{\"src\":\"https:\/\/www.duo-hautnah.com\/wp-includes\/images\/media\/audio.svg\",\"width\":48,\"height\":64},\"thumb\":{\"src\":\"https:\/\/www.duo-hautnah.com\/wp-includes\/images\/media\/audio.svg\",\"width\":48,\"height\":64}},{\"src\":\"https:\/\/www.duo-hautnah.com\/wp-content\/uploads\/2018\/07\/verrueckt-nach-dir-30-sek-demo.mp3\",\"type\":\"audio\/mpeg\",\"title\":\"Ver\\u00fcckt nach dir\",\"caption\":\"\",\"description\":\"\\\"verrueckt-nach-dir-30-sek-demo\\\".\",\"meta\":{\"length_formatted\":\"0:48\"},\"image\":{\"src\":\"https:\/\/www.duo-hautnah.com\/wp-includes\/images\/media\/audio.svg\",\"width\":48,\"height\":64},\"thumb\":{\"src\":\"https:\/\/www.duo-hautnah.com\/wp-includes\/images\/media\/audio.svg\",\"width\":48,\"height\":64}},{\"src\":\"https:\/\/www.duo-hautnah.com\/wp-content\/uploads\/2018\/07\/bist-wie-ein-stein-in-meinem-schuh-30-sek-demo.mp3\",\"type\":\"audio\/mpeg\",\"title\":\"Bist wie ein Stein in meinem Schuh\",\"caption\":\"\",\"description\":\"\\\"bist-wie-ein-stein-in-meinem-schuh-30-sek-demo\\\".\",\"meta\":{\"length_formatted\":\"0:44\"},\"image\":{\"src\":\"https:\/\/www.duo-hautnah.com\/wp-includes\/images\/media\/audio.svg\",\"width\":48,\"height\":64},\"thumb\":{\"src\":\"https:\/\/www.duo-hautnah.com\/wp-includes\/images\/media\/audio.svg\",\"width\":48,\"height\":64}},{\"src\":\"https:\/\/www.duo-hautnah.com\/wp-content\/uploads\/2018\/07\/rosemarie-30-sek-demo.mp3\",\"type\":\"audio\/mpeg\",\"title\":\"Rosemarie\",\"caption\":\"\",\"description\":\"\\\"rosemarie-30-sek-demo\\\".\",\"meta\":{\"length_formatted\":\"0:58\"},\"image\":{\"src\":\"https:\/\/www.duo-hautnah.com\/wp-includes\/images\/media\/audio.svg\",\"width\":48,\"height\":64},\"thumb\":{\"src\":\"https:\/\/www.duo-hautnah.com\/wp-includes\/images\/media\/audio.svg\",\"width\":48,\"height\":64}},{\"src\":\"https:\/\/www.duo-hautnah.com\/wp-content\/uploads\/2018\/07\/einer-dieser-augenblicke-30-sek-demo.mp3\",\"type\":\"audio\/mpeg\",\"title\":\"Einer dieser Augenblicke\",\"caption\":\"\",\"description\":\"\\\"einer-dieser-augenblicke-30-sek-demo\\\".\",\"meta\":{\"length_formatted\":\"0:56\"},\"image\":{\"src\":\"https:\/\/www.duo-hautnah.com\/wp-includes\/images\/media\/audio.svg\",\"width\":48,\"height\":64},\"thumb\":{\"src\":\"https:\/\/www.duo-hautnah.com\/wp-includes\/images\/media\/audio.svg\",\"width\":48,\"height\":64}}]}<\/script>\n<\/div>\n\t<\/div><\/div><\/div><\/div>\n<div class=\"push\" style='height:50px'><\/div>\n\t\t<div class=\"sep-text single centered\">\n\t\t\t\t\t\t\t<span class=\"sep-text-before\"><div class=\"sep-text-line\"><\/div><\/span>\n\t\t\t\t\t\t<div class=\"content\">\n\t\t\t\t<h2 class=\"text-divider-double\">\nHier Bestellen!<\/h2>\t\t\t<\/div>\n\t\t\t<span class=\"sep-text-after\"><div class=\"sep-text-line\"><\/div><\/span>\n\t\t\t\t\t<\/div>\n\t\n<div class=\"row \"><div class=\"wpv-grid grid-1-3  wpv-first-level first unextended\" style=\"padding-top:0px;padding-bottom:0px\" id=\"wpv-column-8d7cafa782947af4915d431f269165fa\" ><p><a href=\"https:\/\/www.shop24direct.at\/produkt\/addio-bella-431198\" target=\"_blank\" rel=\"noopener\"><img loading=\"lazy\" decoding=\"async\" class=\"alignnone size-medium wp-image-12500 aligncenter\" src=\"http:\/\/www.duo-hautnah.com\/wp-content\/uploads\/2018\/04\/shop24shop-big-300x114.png\" alt=\"\" width=\"300\" height=\"114\" srcset=\"https:\/\/www.duo-hautnah.com\/wp-content\/uploads\/2018\/04\/shop24shop-big-300x114.png 300w, https:\/\/www.duo-hautnah.com\/wp-content\/uploads\/2018\/04\/shop24shop-big-360x136.png 360w, https:\/\/www.duo-hautnah.com\/wp-content\/uploads\/2018\/04\/shop24shop-big-262x99.png 262w, https:\/\/www.duo-hautnah.com\/wp-content\/uploads\/2018\/04\/shop24shop-big.png 370w\" sizes=\"auto, (max-width: 300px) 100vw, 300px\" \/><\/a><\/div>\n<div class=\"wpv-grid grid-1-3  wpv-first-level unextended\" style=\"padding-top:0px;padding-bottom:0px\" id=\"wpv-column-a6b7bea3efce76d901cc70b111918197\" ><p><a href=\"https:\/\/www.amazon.de\/Addio-Bella-Hautnah\/dp\/B07DKWJWXQ\/ref=tmm_acd_swatch_0?_encoding=UTF8&amp;qid=&amp;sr=\" target=\"_blank\" rel=\"noopener\"><img loading=\"lazy\" decoding=\"async\" class=\"size-medium wp-image-12508 aligncenter\" src=\"http:\/\/www.duo-hautnah.com\/wp-content\/uploads\/2018\/07\/amazon-big-300x114.png\" alt=\"\" width=\"300\" height=\"114\" srcset=\"https:\/\/www.duo-hautnah.com\/wp-content\/uploads\/2018\/07\/amazon-big-300x114.png 300w, https:\/\/www.duo-hautnah.com\/wp-content\/uploads\/2018\/07\/amazon-big-360x136.png 360w, https:\/\/www.duo-hautnah.com\/wp-content\/uploads\/2018\/07\/amazon-big-262x99.png 262w, https:\/\/www.duo-hautnah.com\/wp-content\/uploads\/2018\/07\/amazon-big.png 370w\" sizes=\"auto, (max-width: 300px) 100vw, 300px\" \/><\/a><\/div>\n<div class=\"wpv-grid grid-1-3  wpv-first-level unextended\" style=\"padding-top:0px;padding-bottom:0px\" id=\"wpv-column-c2dabaad061a50a42cc6b8171aac879f\" ><p><a href=\"https:\/\/www.weltbild.de\/artikel\/musik\/addio-bella_24775590-1\" target=\"_blank\" rel=\"noopener\"><img loading=\"lazy\" decoding=\"async\" class=\"size-medium wp-image-12514 aligncenter\" src=\"http:\/\/www.duo-hautnah.com\/wp-content\/uploads\/2018\/07\/weltbild-big-300x114.png\" alt=\"\" width=\"300\" height=\"114\" srcset=\"https:\/\/www.duo-hautnah.com\/wp-content\/uploads\/2018\/07\/weltbild-big-300x114.png 300w, https:\/\/www.duo-hautnah.com\/wp-content\/uploads\/2018\/07\/weltbild-big-360x136.png 360w, https:\/\/www.duo-hautnah.com\/wp-content\/uploads\/2018\/07\/weltbild-big-262x99.png 262w, https:\/\/www.duo-hautnah.com\/wp-content\/uploads\/2018\/07\/weltbild-big.png 370w\" sizes=\"auto, (max-width: 300px) 100vw, 300px\" \/><\/a><\/div><\/div>\n\t\t<div class=\"sep-text single centered\">\n\t\t\t\t\t\t\t<span class=\"sep-text-before\"><div class=\"sep-text-line\"><\/div><\/span>\n\t\t\t\t\t\t<div class=\"content\">\n\t\t\t\t<h2 class=\"text-divider-double\">\nALBUM 2018 &#8211; &#8220;ADDIO BELLA&#8221; &#8211; HAUTNAH<\/h2>\t\t\t<\/div>\n\t\t\t<span class=\"sep-text-after\"><div class=\"sep-text-line\"><\/div><\/span>\n\t\t\t\t\t<\/div>\n\t\n<div class=\"row \"><div class=\"wpv-grid grid-1-1  wpv-first-level first has-background unextended\" style=\"background-color:#526bb7;padding-top:0px;padding-bottom:0px\" id=\"hoerproben\" ><style>#hoerproben p,#hoerproben em,#hoerproben .column-title,#hoerproben .sep-text h2.regular-title-wrapper,#hoerproben .text-divider-double,#hoerproben .sep-text .sep-text-line,#hoerproben .sep,#hoerproben .sep-2,#hoerproben .sep-3,#hoerproben td,#hoerproben th,#hoerproben caption{color:#fff;}#hoerproben:before{background-color:transparent;}<\/style><div class=\"row \"><div class=\"wpv-grid grid-1-3  first unextended\" style=\"padding-top:0px;padding-bottom:0px\" id=\"wpv-column-1a1a244afccfe723d5f332c2865dcab0\" ><p><img loading=\"lazy\" decoding=\"async\" class=\"alignnone size-medium wp-image-12192\" src=\"http:\/\/www.duo-hautnah.com\/wp-content\/uploads\/2018\/04\/cover-hautnah-addio-bella-slider-300x298.png\" alt=\"Cover- Hautnah Addio bella\" width=\"300\" height=\"298\" srcset=\"https:\/\/www.duo-hautnah.com\/wp-content\/uploads\/2018\/04\/cover-hautnah-addio-bella-slider-300x298.png 300w, https:\/\/www.duo-hautnah.com\/wp-content\/uploads\/2018\/04\/cover-hautnah-addio-bella-slider-150x150.png 150w, https:\/\/www.duo-hautnah.com\/wp-content\/uploads\/2018\/04\/cover-hautnah-addio-bella-slider.png 600w, https:\/\/www.duo-hautnah.com\/wp-content\/uploads\/2018\/04\/cover-hautnah-addio-bella-slider-60x60.png 60w, https:\/\/www.duo-hautnah.com\/wp-content\/uploads\/2018\/04\/cover-hautnah-addio-bella-slider-555x550.png 555w, https:\/\/www.duo-hautnah.com\/wp-content\/uploads\/2018\/04\/cover-hautnah-addio-bella-slider-360x357.png 360w, https:\/\/www.duo-hautnah.com\/wp-content\/uploads\/2018\/04\/cover-hautnah-addio-bella-slider-262x260.png 262w\" sizes=\"auto, (max-width: 300px) 100vw, 300px\" \/><\/div>\n<div class=\"wpv-grid grid-2-3  unextended\" style=\"padding-top:0px;padding-bottom:0px\" id=\"wpv-column-a7f4d181f252e325e5bf6457382fd657\" ><div class=\"push\" style='height:20px'><\/div>\n<p>Nach \u00fcber 20 Jahren im Rampenlicht und mehr als 2.000 Konzerten z\u00fcndet die \u00f6sterreichische Party-Institution HAUTNAH diesen Sommer die n\u00e4chste Karrierestufe: Das unter der Regie von Star-Produzent Tommy Mustac entstandene Album \u201eAddio Bella\u201c vereint erstmals auch exklusive und brandneue Eigenkompositionen des gefeierten Duos aus Vorarlberg. Zudem unterst\u00fctzt von hochkar\u00e4tigen Gast-Songwritern, pr\u00e4sentieren Sandro und Armin darauf ihre neueste, unwiderstehliche Schlagerdefinition. \u201eAddio Bella\u201c erscheint am 03. August 2018 bei TELAMO.<\/p>\n<div class=\"push\" style='height:20px'><\/div>\n<p>Wer auf so vielen B\u00fchnen gestanden, so viele Menschen \u201ehautnah\u201c und live zum Tanzen und Feiern bewegt hat wie das Duo HAUTNAH, wei\u00df einfach, was einen Hit ausmacht: Welche Melodien ein Publikum packen, welche Geschichten und Gef\u00fchle sich am besten in Songs verpacken lassen. Dieses \u00fcber zwei Jahrzehnte in den vielen, vielen Auftritten erworbene Fingerspitzengef\u00fchl pr\u00e4sentieren HAUTNAH nun erstmals auch in Form von Eigenkompositionen, wovon sie rund ein halbes Dutzend auf dem neuen Longplayer zum Besten geben.<\/div><\/div>\n<div class=\"row \"><div class=\"wpv-grid grid-1-1  first unextended\" style=\"padding-top:0px;padding-bottom:0px\" id=\"wpv-column-be5b94236381f5e34f15aa2b55284595\" ><div class=\"push\" style='height:20px'><\/div>\n<p>Schon f\u00fcr den Er\u00f6ffnungstitel \u201eMit dir an meiner Seite\u201c, ein euphorischer Liebesschwur, setzen Sandro und Armin auf eine 100% ansteckende Mischung aus wundersch\u00f6nen Harmonien, treibenden Arrangements und exotischen Kl\u00e4ngen: eine Kombination, die sofort in die Beine geht. F\u00fcr Komposition und Text zeigten sich in diesem Fall u.a. Natascha Arnold und Heiner Graf verantwortlich, die auch im weiteren Verlauf immer wieder beweisen, weshalb sie zu den gefragtesten Leuten der Branche z\u00e4hlen. Weitere Hochkar\u00e4ter, die HAUTNAH als Co-Songwriter unter die Arme greifen, sind Thomas K\u00fchn, Ernst J. Schmidlechner, Sascha Arnold, Stefan Erler, Edith Wohllaib und Elmar Noderer. Den noch rasanteren Titelsong \u201eAddio Bella\u201c komponierte Sandro allerdings im Alleingang: Ein tempor\u00e4rer Abschied, doch das n\u00e4chste Wiedersehen kommt bestimmt, das sp\u00fcrt man sofort\u2026<\/div><\/div>\n<div class=\"row \"><div class=\"wpv-grid grid-1-1  first unextended\" style=\"padding-top:0px;padding-bottom:0px\" id=\"wpv-column-fe8ecc4b90d463cf81c4ea0d8b2f1418\" ><div class=\"push\" style='height:20px'><\/div>\n<p class=\"bbb_show\">\u00dcberhaupt ist die Liebe ihr gro\u00dfes Thema: \u201ewie ein geheimer Zaubertrick\u201c wirkt dieses entz\u00fcckende Schmunzeln in \u201eIch hab mich in dein L\u00e4cheln verliebt\u201c \u2013 und auch in diesen Refrain muss man sich sofort verlieben. Nicht weniger schwungvoll klingen daraufhin ihre Aufforderung zum Tanz (\u201eTanz mit mir nochmal\u201c) oder auch jener Song, mit dem sich sicher viele Menschen identifizieren k\u00f6nnen: \u201eendlich Urlaub, und zwar schnell\u201c lautet das Motto von \u201eDort, wo die Sonne wohnt\u201c, und diese Sommerhymne \u00fcber Fernweh und Sehnsucht nach mehr W\u00e4rme, mehr Licht, l\u00e4sst direkt hoffen auf die kommenden Tage ohne Grau, Morgennebel &amp; Co.<\/p>\n<div class=\"push\" style='height:20px'><\/div>\n<p class=\"bbb_show\">Die ewige Liebe (\u201eDie Liebe meines Lebens\u201c) besingen sie genauso leidenschaftlich wie feurige Sommerflirts (inklusive Bouzouki-Kl\u00e4ngen: \u201eSommernacht auf Rhodos\u201c) und heimliche Liebschaften, wenn es hei\u00dft \u201eKann Liebe wirklich S\u00fcnde sein\u201c, womit die zwei Vorarlberger auch ruhigere und gedankenvollere T\u00f6ne anklingen lassen. Generell setzen sie aber auf Tempo und hochfliegende Arrangements: Mal verpackt als euphorischen Schlager wie \u201eDu allein\u201c, dann wieder kehren sie zur\u00fcck zu ihren Party-Wurzeln, denn \u201eGanz oder gar nicht\u201c ist 100% ausgelassener, kompromissloser Gute-Laune-Sound \u00e0 la HAUTNAH!<\/p>\n<div class=\"push\" style='height:20px'><\/div>\n<p class=\"bbb_show\">Ebenfalls aus der Feder von Sandro stammt das absolut zeitgen\u00f6ssische, eine Br\u00fccke zwischen Popschlager und Dance bildende \u201eVerr\u00fcckt nach dir\u201c, auf das die beiden kurz vor Schluss noch ganz andere Kaliber folgen lassen: \u201eBist wie ein Stein in meinem Schuh\u201c klingt geerdet, zuversichtlich, eine reife Bestandsaufnahme und ein hoffentlich gegl\u00fcckter Schlussstrich unter eine Liebe, deren Nachwehen viel zu lang einem Neuanfang im Weg standen. Und bevor sich HAUTNAH ganz zuletzt vertr\u00e4umt mit \u201eEiner dieser Augenblicke\u201c pr\u00e4sentieren \u2013 es ist wirklich \u201eeiner dieser Augenblicke, wo man denkt: die Zeit bleibt stehen\u201c \u2013, geben sie sich noch mal verspielt und verliebt, \u201ehumorvoll und kokett\u201c wie ihre \u201eRosemarie\u201c: mit Bl\u00e4sernachdruck, noch mehr H\u00fcftschwung, randvolle Tanzfl\u00e4che vorprogrammiert.<\/p>\n<div class=\"push\" style='height:20px'><\/div>\n<p class=\"bbb_show\">Live erlebt haben sie unz\u00e4hlige Menschen in den letzten gut 20 Jahren: Los ging\u2019s f\u00fcr das Duo HAUTNAH, als Sandro (im Ausweis steht: Alexander Trifkovic) und Armin (geb\u00fcrtig Amir Hodzic) im Jahr 1997 den Entschluss fassten, ihrer Liebe zur Musik und zur Unterhaltung eine gemeinsame Chance zu geben, sprich: es einfach mal als Duo zu probieren. Dass diese Rechnung aufgehen sollte, ist nicht nur ihrer gewinnenden Art und der einzigartigen Chemie zwischen den beiden geschuldet, sondern auch schlichtweg ihrer Spielfreude \u2013 und der Freude daran, ein Fest in etwas in Einzigartiges zu verwandeln.<\/p>\n<p class=\"bbb_show\"><div class=\"push\" style='height:20px'><\/div>\n<p class=\"bbb_show\">Die zwei Freunde aus Vorarlberg fingen mit den klassischen Formaten an: Hochzeiten, Geburtstage, Firmenfeiern &amp; Co. \u2013 HAUTNAH waren stets zur Stelle, wenn ausgelassener, aufrichtiger Tanz- und Partysound von zwei gut aufgelegten Jungs gefragt war. Oktoberfest, Apr\u00e8s-Ski, Fasching, die Liste wurde immer l\u00e4nger, und was sie sich vor 20 Jahren sicher nicht gedacht h\u00e4tten: dass die Zahl der Shows irgendwann sogar die 2.000er-Marke durchbrechen sollte. Schon 2005 traten sie auch im Ausland bei Open Airs auf, und noch ein paar Jahre sp\u00e4ter konnte man die Coversongs und Partykracher aus ihrem Repertoire auch zu Hause genie\u00dfen \u2013 auf der ersten CD-Ver\u00f6ffentlichung. Nachdem 2014 noch ein weiteres Party-Album erschienen war, entstand 2015 schlie\u00dflich die Idee eines Albums, auf dem HAUTNAH auch erstmals ihr K\u00f6nnen als Songwriter unter Beweis stellen wollten. Zusammen mit den bereits erw\u00e4hnten Gast-Songschreibern und ihrem kongenialen Produzenten Tommy Mustac sind sie diesen Schritt nun gegangen und beginnen damit einen neuen, aufregenden Abschnitt ihrer Karriere.<br \/>\nOb hei\u00dfe Sommerflirts, die ewige Treue oder epische Schlussstriche unter ein Beziehungschaos: Die emotionale und inhaltliche Palette ist genauso gro\u00df wie das klangliche Spektrum dieses Albums. \u201eAddio Bella\u201c \u2013 das sind 14 Songs, die mal zum Tanzen, mal zum Tr\u00e4umen einladen. Und meistens schon nach wenigen Takten unter die Haut gehen\u2026<\/p>\n<div class=\"push\" style='height:20px'><\/div><\/div><\/div><\/div><\/div>\n","protected":false},"excerpt":{"rendered":"<p>Die beiden Party-Garanten aus \u00d6sterreich ver\u00f6ffentlichen ihr neues Album \u201eAddio Bella\u201c bei TELAMO. Nach \u00fcber 20 Jahren im Rampenlicht und mehr als 2.000 Konzerten z\u00fcndet die \u00f6sterreichische Party-Institution HAUTNAH diesen Sommer die n\u00e4chste Karrierestufe: Das unter der Regie von Star-Produzent Tommy Mustac entstandene Album \u201eAddio Bella\u201c vereint erstmals auch exklusive und brandneue Eigenkompositionen des gefeierten&#8230;<\/p>\n","protected":false},"author":1,"featured_media":12825,"parent":0,"menu_order":0,"comment_status":"closed","ping_status":"closed","template":"","meta":{"footnotes":""},"class_list":["post-12097","page","type-page","status-publish","has-post-thumbnail","placeholder-for-hentry"],"yoast_head":"<!-- This site is optimized with the Yoast SEO plugin v27.4 - https:\/\/yoast.com\/product\/yoast-seo-wordpress\/ -->\n<title>HAUTNAH ver\u00f6ffentlicht das neue Album \u201eAddio Bella\u201c, ab 03.08.2018 bei Telamo<\/title>\n<meta name=\"description\" content=\"Die zwei Party Musiker Sandro und Armin von HAUTNAH aus Vorarlberg, \u00d6sterreich ver\u00f6ffentlichen ihr neues Album mit exklusiven Eigenkompositionen.\" \/>\n<meta name=\"robots\" content=\"index, follow, max-snippet:-1, max-image-preview:large, max-video-preview:-1\" \/>\n<link rel=\"canonical\" href=\"https:\/\/www.duo-hautnah.com\/at\/hautnah-addio-bella\/\" \/>\n<meta property=\"og:locale\" content=\"de_DE\" \/>\n<meta property=\"og:type\" content=\"article\" \/>\n<meta property=\"og:title\" content=\"HAUTNAH ver\u00f6ffentlicht das neue Album \u201eAddio Bella\u201c, ab 03.08.2018 bei Telamo\" \/>\n<meta property=\"og:description\" content=\"Die zwei Party Musiker Sandro und Armin von HAUTNAH aus Vorarlberg, \u00d6sterreich ver\u00f6ffentlichen ihr neues Album mit exklusiven Eigenkompositionen.\" \/>\n<meta property=\"og:url\" content=\"https:\/\/www.duo-hautnah.com\/at\/hautnah-addio-bella\/\" \/>\n<meta property=\"og:site_name\" content=\"HAUTNAH\" \/>\n<meta property=\"article:publisher\" content=\"https:\/\/www.facebook.com\/musikersandrohoffmann\" \/>\n<meta property=\"article:modified_time\" content=\"2018-07-16T06:46:16+00:00\" \/>\n<meta property=\"og:image\" content=\"https:\/\/www.duo-hautnah.com\/wp-content\/uploads\/2018\/04\/hautnah-header-2.jpg\" \/>\n\t<meta property=\"og:image:width\" content=\"1366\" \/>\n\t<meta property=\"og:image:height\" content=\"630\" \/>\n\t<meta property=\"og:image:type\" content=\"image\/jpeg\" \/>\n<meta name=\"twitter:card\" content=\"summary_large_image\" \/>\n<meta name=\"twitter:label1\" content=\"Est. reading time\" \/>\n\t<meta name=\"twitter:data1\" content=\"6 minutes\" \/>\n<script type=\"application\/ld+json\" class=\"yoast-schema-graph\">{\"@context\":\"https:\\\/\\\/schema.org\",\"@graph\":[{\"@type\":\"WebPage\",\"@id\":\"https:\\\/\\\/www.duo-hautnah.com\\\/at\\\/hautnah-addio-bella\\\/\",\"url\":\"https:\\\/\\\/www.duo-hautnah.com\\\/at\\\/hautnah-addio-bella\\\/\",\"name\":\"HAUTNAH ver\u00f6ffentlicht das neue Album \u201eAddio Bella\u201c, ab 03.08.2018 bei Telamo\",\"isPartOf\":{\"@id\":\"https:\\\/\\\/www.duo-hautnah.com\\\/#website\"},\"primaryImageOfPage\":{\"@id\":\"https:\\\/\\\/www.duo-hautnah.com\\\/at\\\/hautnah-addio-bella\\\/#primaryimage\"},\"image\":{\"@id\":\"https:\\\/\\\/www.duo-hautnah.com\\\/at\\\/hautnah-addio-bella\\\/#primaryimage\"},\"thumbnailUrl\":\"https:\\\/\\\/www.duo-hautnah.com\\\/wp-content\\\/uploads\\\/2018\\\/04\\\/hautnah-header-2.jpg\",\"datePublished\":\"2018-02-21T11:26:02+00:00\",\"dateModified\":\"2018-07-16T06:46:16+00:00\",\"description\":\"Die zwei Party Musiker Sandro und Armin von HAUTNAH aus Vorarlberg, \u00d6sterreich ver\u00f6ffentlichen ihr neues Album mit exklusiven Eigenkompositionen.\",\"breadcrumb\":{\"@id\":\"https:\\\/\\\/www.duo-hautnah.com\\\/at\\\/hautnah-addio-bella\\\/#breadcrumb\"},\"inLanguage\":\"de-AT\",\"potentialAction\":[{\"@type\":\"ReadAction\",\"target\":[\"https:\\\/\\\/www.duo-hautnah.com\\\/at\\\/hautnah-addio-bella\\\/\"]}]},{\"@type\":\"ImageObject\",\"inLanguage\":\"de-AT\",\"@id\":\"https:\\\/\\\/www.duo-hautnah.com\\\/at\\\/hautnah-addio-bella\\\/#primaryimage\",\"url\":\"https:\\\/\\\/www.duo-hautnah.com\\\/wp-content\\\/uploads\\\/2018\\\/04\\\/hautnah-header-2.jpg\",\"contentUrl\":\"https:\\\/\\\/www.duo-hautnah.com\\\/wp-content\\\/uploads\\\/2018\\\/04\\\/hautnah-header-2.jpg\",\"width\":1366,\"height\":630},{\"@type\":\"BreadcrumbList\",\"@id\":\"https:\\\/\\\/www.duo-hautnah.com\\\/at\\\/hautnah-addio-bella\\\/#breadcrumb\",\"itemListElement\":[{\"@type\":\"ListItem\",\"position\":1,\"name\":\"Startseite\",\"item\":\"https:\\\/\\\/www.duo-hautnah.com\\\/at\\\/\"},{\"@type\":\"ListItem\",\"position\":2,\"name\":\"Das neue Album ab 03.08.2018 &#8211; &#8220;Addio Bella&#8221; von HAUTNAH\"}]},{\"@type\":\"WebSite\",\"@id\":\"https:\\\/\\\/www.duo-hautnah.com\\\/#website\",\"url\":\"https:\\\/\\\/www.duo-hautnah.com\\\/\",\"name\":\"HAUTNAH\",\"description\":\"Musik Tanz und Stimmung f\u00fcr ihre Feier!\",\"potentialAction\":[{\"@type\":\"SearchAction\",\"target\":{\"@type\":\"EntryPoint\",\"urlTemplate\":\"https:\\\/\\\/www.duo-hautnah.com\\\/?s={search_term_string}\"},\"query-input\":{\"@type\":\"PropertyValueSpecification\",\"valueRequired\":true,\"valueName\":\"search_term_string\"}}],\"inLanguage\":\"de-AT\"}]}<\/script>\n<!-- \/ Yoast SEO plugin. -->","yoast_head_json":{"title":"HAUTNAH ver\u00f6ffentlicht das neue Album \u201eAddio Bella\u201c, ab 03.08.2018 bei Telamo","description":"Die zwei Party Musiker Sandro und Armin von HAUTNAH aus Vorarlberg, \u00d6sterreich ver\u00f6ffentlichen ihr neues Album mit exklusiven Eigenkompositionen.","robots":{"index":"index","follow":"follow","max-snippet":"max-snippet:-1","max-image-preview":"max-image-preview:large","max-video-preview":"max-video-preview:-1"},"canonical":"https:\/\/www.duo-hautnah.com\/at\/hautnah-addio-bella\/","og_locale":"de_DE","og_type":"article","og_title":"HAUTNAH ver\u00f6ffentlicht das neue Album \u201eAddio Bella\u201c, ab 03.08.2018 bei Telamo","og_description":"Die zwei Party Musiker Sandro und Armin von HAUTNAH aus Vorarlberg, \u00d6sterreich ver\u00f6ffentlichen ihr neues Album mit exklusiven Eigenkompositionen.","og_url":"https:\/\/www.duo-hautnah.com\/at\/hautnah-addio-bella\/","og_site_name":"HAUTNAH","article_publisher":"https:\/\/www.facebook.com\/musikersandrohoffmann","article_modified_time":"2018-07-16T06:46:16+00:00","og_image":[{"width":1366,"height":630,"url":"https:\/\/www.duo-hautnah.com\/wp-content\/uploads\/2018\/04\/hautnah-header-2.jpg","type":"image\/jpeg"}],"twitter_card":"summary_large_image","twitter_misc":{"Est. reading time":"6 minutes"},"schema":{"@context":"https:\/\/schema.org","@graph":[{"@type":"WebPage","@id":"https:\/\/www.duo-hautnah.com\/at\/hautnah-addio-bella\/","url":"https:\/\/www.duo-hautnah.com\/at\/hautnah-addio-bella\/","name":"HAUTNAH ver\u00f6ffentlicht das neue Album \u201eAddio Bella\u201c, ab 03.08.2018 bei Telamo","isPartOf":{"@id":"https:\/\/www.duo-hautnah.com\/#website"},"primaryImageOfPage":{"@id":"https:\/\/www.duo-hautnah.com\/at\/hautnah-addio-bella\/#primaryimage"},"image":{"@id":"https:\/\/www.duo-hautnah.com\/at\/hautnah-addio-bella\/#primaryimage"},"thumbnailUrl":"https:\/\/www.duo-hautnah.com\/wp-content\/uploads\/2018\/04\/hautnah-header-2.jpg","datePublished":"2018-02-21T11:26:02+00:00","dateModified":"2018-07-16T06:46:16+00:00","description":"Die zwei Party Musiker Sandro und Armin von HAUTNAH aus Vorarlberg, \u00d6sterreich ver\u00f6ffentlichen ihr neues Album mit exklusiven Eigenkompositionen.","breadcrumb":{"@id":"https:\/\/www.duo-hautnah.com\/at\/hautnah-addio-bella\/#breadcrumb"},"inLanguage":"de-AT","potentialAction":[{"@type":"ReadAction","target":["https:\/\/www.duo-hautnah.com\/at\/hautnah-addio-bella\/"]}]},{"@type":"ImageObject","inLanguage":"de-AT","@id":"https:\/\/www.duo-hautnah.com\/at\/hautnah-addio-bella\/#primaryimage","url":"https:\/\/www.duo-hautnah.com\/wp-content\/uploads\/2018\/04\/hautnah-header-2.jpg","contentUrl":"https:\/\/www.duo-hautnah.com\/wp-content\/uploads\/2018\/04\/hautnah-header-2.jpg","width":1366,"height":630},{"@type":"BreadcrumbList","@id":"https:\/\/www.duo-hautnah.com\/at\/hautnah-addio-bella\/#breadcrumb","itemListElement":[{"@type":"ListItem","position":1,"name":"Startseite","item":"https:\/\/www.duo-hautnah.com\/at\/"},{"@type":"ListItem","position":2,"name":"Das neue Album ab 03.08.2018 &#8211; &#8220;Addio Bella&#8221; von HAUTNAH"}]},{"@type":"WebSite","@id":"https:\/\/www.duo-hautnah.com\/#website","url":"https:\/\/www.duo-hautnah.com\/","name":"HAUTNAH","description":"Musik Tanz und Stimmung f\u00fcr ihre Feier!","potentialAction":[{"@type":"SearchAction","target":{"@type":"EntryPoint","urlTemplate":"https:\/\/www.duo-hautnah.com\/?s={search_term_string}"},"query-input":{"@type":"PropertyValueSpecification","valueRequired":true,"valueName":"search_term_string"}}],"inLanguage":"de-AT"}]}},"_links":{"self":[{"href":"https:\/\/www.duo-hautnah.com\/at\/wp-json\/wp\/v2\/pages\/12097","targetHints":{"allow":["GET"]}}],"collection":[{"href":"https:\/\/www.duo-hautnah.com\/at\/wp-json\/wp\/v2\/pages"}],"about":[{"href":"https:\/\/www.duo-hautnah.com\/at\/wp-json\/wp\/v2\/types\/page"}],"author":[{"embeddable":true,"href":"https:\/\/www.duo-hautnah.com\/at\/wp-json\/wp\/v2\/users\/1"}],"replies":[{"embeddable":true,"href":"https:\/\/www.duo-hautnah.com\/at\/wp-json\/wp\/v2\/comments?post=12097"}],"version-history":[{"count":4,"href":"https:\/\/www.duo-hautnah.com\/at\/wp-json\/wp\/v2\/pages\/12097\/revisions"}],"predecessor-version":[{"id":12846,"href":"https:\/\/www.duo-hautnah.com\/at\/wp-json\/wp\/v2\/pages\/12097\/revisions\/12846"}],"wp:featuredmedia":[{"embeddable":true,"href":"https:\/\/www.duo-hautnah.com\/at\/wp-json\/wp\/v2\/media\/12825"}],"wp:attachment":[{"href":"https:\/\/www.duo-hautnah.com\/at\/wp-json\/wp\/v2\/media?parent=12097"}],"curies":[{"name":"wp","href":"https:\/\/api.w.org\/{rel}","templated":true}]}}